{"id":389,"date":"2011-03-26T19:49:12","date_gmt":"2011-03-26T19:49:12","guid":{"rendered":"http:\/\/stpedagozi.wordpress.com\/?page_id=389"},"modified":"2024-12-14T15:47:25","modified_gmt":"2024-12-14T14:47:25","slug":"za-ucitelje","status":"publish","type":"page","link":"https:\/\/www.st-pedagozi.net\/?page_id=389","title":{"rendered":"Sa stru\u010dnih skupova"},"content":{"rendered":"<h6><span style=\"color: #993366;\">PODRU\u010cJE: u\u010denje, pou\u010davanje, mentalno zdravlje\r\n<\/span><\/h6>\r\n<table style=\"height: 229px;\" width=\"920\" cellspacing=\"0\" cellpadding=\"1\">\r\n<tbody>\r\n<tr>\r\n<td>\r\n\r\n<div id=\"attachment_6687\" style=\"width: 269px\" class=\"wp-caption alignleft\"><a href=\"http:\/\/www.st-pedagozi.net\/wp-content\/uploads\/2024\/04\/Snimka-cijelog-zaslona-17.4.2024.-171427.jpg\"><img loading=\"lazy\" decoding=\"async\" aria-describedby=\"caption-attachment-6687\" class=\"wp-image-6687 \" src=\"http:\/\/www.st-pedagozi.net\/wp-content\/uploads\/2024\/04\/Snimka-cijelog-zaslona-17.4.2024.-171427-300x169.jpg\" alt=\"\" width=\"259\" height=\"146\" srcset=\"https:\/\/www.st-pedagozi.net\/wp-content\/uploads\/2024\/04\/Snimka-cijelog-zaslona-17.4.2024.-171427-300x169.jpg 300w, https:\/\/www.st-pedagozi.net\/wp-content\/uploads\/2024\/04\/Snimka-cijelog-zaslona-17.4.2024.-171427-768x432.jpg 768w, https:\/\/www.st-pedagozi.net\/wp-content\/uploads\/2024\/04\/Snimka-cijelog-zaslona-17.4.2024.-171427.jpg 801w\" sizes=\"(max-width: 259px) 100vw, 259px\" \/><\/a><p id=\"caption-attachment-6687\" class=\"wp-caption-text\"><span style=\"color: #0000ff;\"><strong><a style=\"color: #0000ff;\" href=\"http:\/\/www.st-pedagozi.net\/wp-content\/uploads\/2024\/04\/\u201eSextaj-nocu-sextaj-danju-ppt.pdf\">prezentacija<\/a><\/strong><\/span><\/p><\/div><\/td>\r\n<td>\r\n\r\n<div id=\"attachment_6688\" style=\"width: 273px\" class=\"wp-caption alignleft\"><a href=\"http:\/\/www.st-pedagozi.net\/wp-content\/uploads\/2024\/04\/Snimka-cijelog-zaslona-17.4.2024.-171520.jpg\"><img loading=\"lazy\" decoding=\"async\" aria-describedby=\"caption-attachment-6688\" class=\"wp-image-6688 \" src=\"http:\/\/www.st-pedagozi.net\/wp-content\/uploads\/2024\/04\/Snimka-cijelog-zaslona-17.4.2024.-171520-300x169.jpg\" alt=\"\" width=\"263\" height=\"148\" srcset=\"https:\/\/www.st-pedagozi.net\/wp-content\/uploads\/2024\/04\/Snimka-cijelog-zaslona-17.4.2024.-171520-300x169.jpg 300w, https:\/\/www.st-pedagozi.net\/wp-content\/uploads\/2024\/04\/Snimka-cijelog-zaslona-17.4.2024.-171520.jpg 573w\" sizes=\"(max-width: 263px) 100vw, 263px\" \/><\/a><p id=\"caption-attachment-6688\" class=\"wp-caption-text\"><strong><span style=\"color: #ff0000;\"><a style=\"color: #ff0000;\" href=\"http:\/\/www.st-pedagozi.net\/wp-content\/uploads\/2024\/04\/Mentalno-zdravlje-mladih_ogledalo-drustva.pdf\">prezentacija<\/a><\/span><\/strong><\/p><\/div><\/td>\r\n<td>\r\n\r\n<div id=\"attachment_6736\" style=\"width: 287px\" class=\"wp-caption alignleft\"><a href=\"http:\/\/www.st-pedagozi.net\/wp-content\/uploads\/2024\/12\/Snimka-cijelog-zaslona-14.12.2024.-154223.jpg\"><img loading=\"lazy\" decoding=\"async\" aria-describedby=\"caption-attachment-6736\" class=\"wp-image-6736\" src=\"http:\/\/www.st-pedagozi.net\/wp-content\/uploads\/2024\/12\/Snimka-cijelog-zaslona-14.12.2024.-154223-300x169.jpg\" alt=\"\" width=\"277\" height=\"159\" \/><\/a><p id=\"caption-attachment-6736\" class=\"wp-caption-text\"><a href=\"http:\/\/www.st-pedagozi.net\/wp-content\/uploads\/2024\/12\/Opasnosti-novih-ovisnosti-za-skolu-i-ucenike-prosinac-2024.pdf\"><strong>prezentacija<\/strong><\/a><\/p><\/div><\/td>\r\n<\/tr>\r\n<\/tbody>\r\n<\/table>\r\n<table style=\"height: 243px;\" width=\"302\" cellspacing=\"0\" cellpadding=\"1\">\r\n<tbody>\r\n<tr>\r\n<td>\r\n\r\n<div id=\"attachment_4503\" style=\"width: 281px\" class=\"wp-caption aligncenter\"><a href=\"http:\/\/www.st-pedagozi.net\/wp-content\/uploads\/2011\/03\/Pedagozi2013-PPale-Nova_pedagogija-v4-pp.pdf-Mozilla-Firefox-4.1.2017.-193106.jpg\"><img loading=\"lazy\" decoding=\"async\" aria-describedby=\"caption-attachment-4503\" class=\"wp-image-4503\" src=\"http:\/\/www.st-pedagozi.net\/wp-content\/uploads\/2011\/03\/Pedagozi2013-PPale-Nova_pedagogija-v4-pp.pdf-Mozilla-Firefox-4.1.2017.-193106-300x223.jpg\" alt=\"pedagozi2013-ppale-nova_pedagogija-v4-pp-pdf-mozilla-firefox-4-1-2017-193106\" width=\"271\" height=\"202\" srcset=\"https:\/\/www.st-pedagozi.net\/wp-content\/uploads\/2011\/03\/Pedagozi2013-PPale-Nova_pedagogija-v4-pp.pdf-Mozilla-Firefox-4.1.2017.-193106-300x223.jpg 300w, https:\/\/www.st-pedagozi.net\/wp-content\/uploads\/2011\/03\/Pedagozi2013-PPale-Nova_pedagogija-v4-pp.pdf-Mozilla-Firefox-4.1.2017.-193106.jpg 959w\" sizes=\"(max-width: 271px) 100vw, 271px\" \/><\/a><p id=\"caption-attachment-4503\" class=\"wp-caption-text\"><strong><span style=\"color: #0000ff;\"><a href=\"http:\/\/www.st-pedagozi.net\/wp-content\/uploads\/2013\/05\/Pedagozi2013-PPale-Nova_pedagogija-v4-pp.pdf\">prezentacija<\/a><\/span><\/strong><\/p><\/div><\/td>\r\n<td>\r\n\r\n<div id=\"attachment_4043\" style=\"width: 279px\" class=\"wp-caption alignleft\"><a href=\"http:\/\/www.st-pedagozi.net\/wp-content\/uploads\/2016\/01\/Pedago\u0161ka-supervizija.pdf-Adobe-Acrobat-Reader-DC-23.1.2016.-205437.jpg\"><img loading=\"lazy\" decoding=\"async\" aria-describedby=\"caption-attachment-4043\" class=\"wp-image-4043\" src=\"http:\/\/www.st-pedagozi.net\/wp-content\/uploads\/2016\/01\/Pedago\u0161ka-supervizija.pdf-Adobe-Acrobat-Reader-DC-23.1.2016.-205437-300x231.jpg\" width=\"269\" height=\"207\" srcset=\"https:\/\/www.st-pedagozi.net\/wp-content\/uploads\/2016\/01\/Pedago\u0161ka-supervizija.pdf-Adobe-Acrobat-Reader-DC-23.1.2016.-205437-300x231.jpg 300w, https:\/\/www.st-pedagozi.net\/wp-content\/uploads\/2016\/01\/Pedago\u0161ka-supervizija.pdf-Adobe-Acrobat-Reader-DC-23.1.2016.-205437.jpg 711w\" sizes=\"(max-width: 269px) 100vw, 269px\" \/><\/a><p id=\"caption-attachment-4043\" class=\"wp-caption-text\"><a href=\"http:\/\/www.st-pedagozi.net\/wp-content\/uploads\/2016\/01\/Pedago\u0161ka-supervizija.pdf\"><strong><span style=\"color: #008000;\">prezentacija<\/span><\/strong><\/a><\/p><\/div><\/td>\r\n<td>\r\n\r\n<div id=\"attachment_4698\" style=\"width: 277px\" class=\"wp-caption alignleft\"><a href=\"http:\/\/www.st-pedagozi.net\/wp-content\/uploads\/2011\/03\/Velimir-Sri\u0107a.pdf-Mozilla-Firefox-4.1.2017.-193156.jpg\"><img loading=\"lazy\" decoding=\"async\" aria-describedby=\"caption-attachment-4698\" class=\"wp-image-4698\" src=\"http:\/\/www.st-pedagozi.net\/wp-content\/uploads\/2011\/03\/Velimir-Sri\u0107a.pdf-Mozilla-Firefox-4.1.2017.-193156-300x224.jpg\" width=\"267\" height=\"200\" srcset=\"https:\/\/www.st-pedagozi.net\/wp-content\/uploads\/2011\/03\/Velimir-Sri\u0107a.pdf-Mozilla-Firefox-4.1.2017.-193156-300x224.jpg 300w, https:\/\/www.st-pedagozi.net\/wp-content\/uploads\/2011\/03\/Velimir-Sri\u0107a.pdf-Mozilla-Firefox-4.1.2017.-193156-768x574.jpg 768w, https:\/\/www.st-pedagozi.net\/wp-content\/uploads\/2011\/03\/Velimir-Sri\u0107a.pdf-Mozilla-Firefox-4.1.2017.-193156.jpg 950w\" sizes=\"(max-width: 267px) 100vw, 267px\" \/><\/a><p id=\"caption-attachment-4698\" class=\"wp-caption-text\"><a href=\"http:\/\/www.st-pedagozi.net\/wp-content\/uploads\/2013\/05\/Velimir-Sri\u0107a.pdf\"><strong><span style=\"color: #993366;\">prezentacija<\/span><\/strong><\/a><\/p><\/div><\/td>\r\n<\/tr>\r\n<\/tbody>\r\n<\/table>\r\n&nbsp;\r\n<table style=\"height: 275px;\" width=\"937\" cellspacing=\"0\" cellpadding=\"1\">\r\n<tbody>\r\n<tr>\r\n<td>\r\n\r\n<div id=\"attachment_4499\" style=\"width: 278px\" class=\"wp-caption alignleft\"><a href=\"http:\/\/www.st-pedagozi.net\/wp-content\/uploads\/2011\/03\/PowerPointova-dijaprojekcija-Pecotic_Mozak-i-ucenje_01_03_2013-Samo-za-\u010ditanje-Na\u010din-kompatibilnosti-4.1.2017.-183806.jpg\"><img loading=\"lazy\" decoding=\"async\" aria-describedby=\"caption-attachment-4499\" class=\"wp-image-4499\" src=\"http:\/\/www.st-pedagozi.net\/wp-content\/uploads\/2011\/03\/PowerPointova-dijaprojekcija-Pecotic_Mozak-i-ucenje_01_03_2013-Samo-za-\u010ditanje-Na\u010din-kompatibilnosti-4.1.2017.-183806-300x217.jpg\" width=\"268\" height=\"194\" srcset=\"https:\/\/www.st-pedagozi.net\/wp-content\/uploads\/2011\/03\/PowerPointova-dijaprojekcija-Pecotic_Mozak-i-ucenje_01_03_2013-Samo-za-\u010ditanje-Na\u010din-kompatibilnosti-4.1.2017.-183806-300x217.jpg 300w, https:\/\/www.st-pedagozi.net\/wp-content\/uploads\/2011\/03\/PowerPointova-dijaprojekcija-Pecotic_Mozak-i-ucenje_01_03_2013-Samo-za-\u010ditanje-Na\u010din-kompatibilnosti-4.1.2017.-183806.jpg 1024w\" sizes=\"(max-width: 268px) 100vw, 268px\" \/><\/a><p id=\"caption-attachment-4499\" class=\"wp-caption-text\"><a href=\"http:\/\/www.st-pedagozi.net\/wp-content\/uploads\/2013\/03\/Pecotic_Mozak-i-ucenje_01_03_2013.ppt\"><strong>prezentacija<\/strong><\/a><\/p><\/div><\/td>\r\n<td>\r\n\r\n<div id=\"attachment_4501\" style=\"width: 277px\" class=\"wp-caption alignleft\"><a href=\"http:\/\/www.st-pedagozi.net\/wp-content\/uploads\/2011\/03\/Za_pedagoge_mozak_ucenje2013.pptx-Za_pedagoge_mozak_ucenje2013-3.pdf-Mozilla-Firefox-4.1.2017.-183643-001.jpg\"><img loading=\"lazy\" decoding=\"async\" aria-describedby=\"caption-attachment-4501\" class=\"wp-image-4501 size-full\" src=\"http:\/\/www.st-pedagozi.net\/wp-content\/uploads\/2011\/03\/Za_pedagoge_mozak_ucenje2013.pptx-Za_pedagoge_mozak_ucenje2013-3.pdf-Mozilla-Firefox-4.1.2017.-183643-001.jpg\" width=\"267\" height=\"203\" \/><\/a><p id=\"caption-attachment-4501\" class=\"wp-caption-text\"><a href=\"http:\/\/www.st-pedagozi.net\/wp-content\/uploads\/2014\/03\/Mozakplasti\u010dnost-i-u\u010denje.pdf\"><span style=\"color: #ff0000;\"><strong>prezentacija<\/strong><\/span><\/a><\/p><\/div><\/td>\r\n<td>\r\n\r\n<div id=\"attachment_4598\" style=\"width: 279px\" class=\"wp-caption alignleft\"><a href=\"http:\/\/www.st-pedagozi.net\/wp-content\/uploads\/2011\/03\/Neurophysiology-of-sleep-Regulacija-budnosti-i-spavanja.pdf-Mozilla-Firefox-9.2.2017.-192846.jpg\"><img loading=\"lazy\" decoding=\"async\" aria-describedby=\"caption-attachment-4598\" class=\"wp-image-4598\" src=\"http:\/\/www.st-pedagozi.net\/wp-content\/uploads\/2011\/03\/Neurophysiology-of-sleep-Regulacija-budnosti-i-spavanja.pdf-Mozilla-Firefox-9.2.2017.-192846-300x225.jpg\" width=\"269\" height=\"201\" srcset=\"https:\/\/www.st-pedagozi.net\/wp-content\/uploads\/2011\/03\/Neurophysiology-of-sleep-Regulacija-budnosti-i-spavanja.pdf-Mozilla-Firefox-9.2.2017.-192846-300x225.jpg 300w, https:\/\/www.st-pedagozi.net\/wp-content\/uploads\/2011\/03\/Neurophysiology-of-sleep-Regulacija-budnosti-i-spavanja.pdf-Mozilla-Firefox-9.2.2017.-192846-768x575.jpg 768w, https:\/\/www.st-pedagozi.net\/wp-content\/uploads\/2011\/03\/Neurophysiology-of-sleep-Regulacija-budnosti-i-spavanja.pdf-Mozilla-Firefox-9.2.2017.-192846.jpg 954w\" sizes=\"(max-width: 269px) 100vw, 269px\" \/><\/a><p id=\"caption-attachment-4598\" class=\"wp-caption-text\"><strong><a href=\"http:\/\/www.st-pedagozi.net\/wp-content\/uploads\/2014\/03\/Regulacija-budnosti-i-spavanja.pdf\">Prezentacija<\/a><\/strong><\/p><\/div><\/td>\r\n<\/tr>\r\n<\/tbody>\r\n<\/table>\r\n&nbsp;\r\n<table style=\"height: 275px;\" width=\"937\" cellspacing=\"0\" cellpadding=\"1\">\r\n<tbody>\r\n<tr>\r\n<td>\r\n\r\n<div id=\"attachment_6368\" style=\"width: 287px\" class=\"wp-caption alignleft\"><a href=\"http:\/\/www.st-pedagozi.net\/wp-content\/uploads\/2023\/04\/VODIC-18.9.2020.-193108.jpg\"><img loading=\"lazy\" decoding=\"async\" aria-describedby=\"caption-attachment-6368\" class=\"wp-image-6368 \" src=\"http:\/\/www.st-pedagozi.net\/wp-content\/uploads\/2023\/04\/VODIC-18.9.2020.-193108-300x226.jpg\" alt=\"\" width=\"277\" height=\"209\" srcset=\"https:\/\/www.st-pedagozi.net\/wp-content\/uploads\/2023\/04\/VODIC-18.9.2020.-193108-300x226.jpg 300w, https:\/\/www.st-pedagozi.net\/wp-content\/uploads\/2023\/04\/VODIC-18.9.2020.-193108-768x580.jpg 768w, https:\/\/www.st-pedagozi.net\/wp-content\/uploads\/2023\/04\/VODIC-18.9.2020.-193108.jpg 921w\" sizes=\"(max-width: 277px) 100vw, 277px\" \/><\/a><p id=\"caption-attachment-6368\" class=\"wp-caption-text\"><a href=\"http:\/\/www.st-pedagozi.net\/wp-content\/uploads\/2023\/04\/POTICANJE-KREATIVNOSTI.pdf\"><span style=\"color: #800080;\"><strong>prezentacija<\/strong><\/span><\/a><\/p><\/div><\/td>\r\n<td>\r\n\r\n<div id=\"attachment_6369\" style=\"width: 271px\" class=\"wp-caption alignleft\"><a href=\"http:\/\/www.st-pedagozi.net\/wp-content\/uploads\/2023\/04\/VODIC-18.9.2020.-193112.jpg\"><img loading=\"lazy\" decoding=\"async\" aria-describedby=\"caption-attachment-6369\" class=\"wp-image-6369\" src=\"http:\/\/www.st-pedagozi.net\/wp-content\/uploads\/2023\/04\/VODIC-18.9.2020.-193112-300x214.jpg\" alt=\"\" width=\"261\" height=\"186\" srcset=\"https:\/\/www.st-pedagozi.net\/wp-content\/uploads\/2023\/04\/VODIC-18.9.2020.-193112-300x214.jpg 300w, https:\/\/www.st-pedagozi.net\/wp-content\/uploads\/2023\/04\/VODIC-18.9.2020.-193112-768x547.jpg 768w, https:\/\/www.st-pedagozi.net\/wp-content\/uploads\/2023\/04\/VODIC-18.9.2020.-193112.jpg 859w\" sizes=\"(max-width: 261px) 100vw, 261px\" \/><\/a><p id=\"caption-attachment-6369\" class=\"wp-caption-text\"><a href=\"http:\/\/www.st-pedagozi.net\/wp-content\/uploads\/2023\/04\/Kreativnost.pdf\"><span style=\"color: #ff6600;\"><strong>prezentacija<\/strong><\/span><\/a>\u00a0 \u00a0 \u00a0 \u00a0 \u00a0 \u00a0 \u00a0 \u00a0 \u00a0 \u00a0 \u00a0 \u00a0 \u00a0 \u00a0 \u00a0 \u00a0 \u00a0 \u00a0 \u00a0 \u00a0 \u00a0 \u00a0<strong><span style=\"color: #0000ff;\">RADNI MATERIJAL<\/span>: <a href=\"http:\/\/www.st-pedagozi.net\/wp-content\/uploads\/2011\/02\/radni-materijal-provokacija.pdf\"><span style=\"color: #0000ff;\">Provokacija<\/span><\/a><\/strong>\u00a0 \u00a0 <a href=\"http:\/\/www.st-pedagozi.net\/wp-content\/uploads\/2011\/02\/radni-materija-l-humor.pdf\"><span style=\"color: #008000;\"><strong>Humor<\/strong><\/span><\/a><\/p><\/div><\/td>\r\n<td>\r\n\r\n<div id=\"attachment_6369\" style=\"width: 268px\" class=\"wp-caption alignleft\"><a href=\"http:\/\/www.st-pedagozi.net\/wp-content\/uploads\/2023\/04\/VODIC-18.9.2020.-193112.jpg\"><img loading=\"lazy\" decoding=\"async\" aria-describedby=\"caption-attachment-6369\" class=\"wp-image-6369\" src=\"http:\/\/www.st-pedagozi.net\/wp-content\/uploads\/2023\/04\/VODIC-18.9.2020.-193112-300x214.jpg\" alt=\"\" width=\"258\" height=\"184\" srcset=\"https:\/\/www.st-pedagozi.net\/wp-content\/uploads\/2023\/04\/VODIC-18.9.2020.-193112-300x214.jpg 300w, https:\/\/www.st-pedagozi.net\/wp-content\/uploads\/2023\/04\/VODIC-18.9.2020.-193112-768x547.jpg 768w, https:\/\/www.st-pedagozi.net\/wp-content\/uploads\/2023\/04\/VODIC-18.9.2020.-193112.jpg 859w\" sizes=\"(max-width: 258px) 100vw, 258px\" \/><\/a><p id=\"caption-attachment-6369\" class=\"wp-caption-text\"><strong><span style=\"color: #0000ff;\">RADNI MATERIJAL:\u00a0<\/span><\/strong> <span style=\"color: #ff6600;\"><strong><a style=\"color: #ff6600;\" href=\"http:\/\/www.st-pedagozi.net\/wp-content\/uploads\/2011\/02\/radni-materijal-c5a1est-univerzalnih-pitanja.pdf\">\u0160est univerzalnih pitanja<\/a> <a href=\"http:\/\/www.st-pedagozi.net\/wp-content\/uploads\/2011\/02\/radni-materijal-postavljanje-pitanja.pdf\"><span style=\"color: #0000ff;\">Postavljanje pitanja<\/span><\/a><\/strong><\/span> <a href=\"http:\/\/www.st-pedagozi.net\/wp-content\/uploads\/2011\/02\/radni-materija-l-umne-karte.pdf\"><strong><span style=\"color: #ff00ff;\">Umne karte<\/span><\/strong><\/a><\/p><\/div><\/td>\r\n<\/tr>\r\n<\/tbody>\r\n<\/table>\r\n<table style=\"height: 275px;\" width=\"937\" cellspacing=\"0\" cellpadding=\"1\">\r\n<tbody>\r\n<tr>\r\n<td>\r\n\r\n<div id=\"attachment_4593\" style=\"width: 279px\" class=\"wp-caption alignleft\"><a href=\"http:\/\/www.st-pedagozi.net\/wp-content\/uploads\/2011\/03\/prof.-dr.-Renata-Ri\u0111i\u010dki-M-ilinovi\u0107-Kurikul-otpornosti.pdf-Adobe-Acrobat-Reader-DC-9.2.2017.-191612.jpg\"><img loading=\"lazy\" decoding=\"async\" aria-describedby=\"caption-attachment-4593\" class=\"wp-image-4593\" src=\"http:\/\/www.st-pedagozi.net\/wp-content\/uploads\/2011\/03\/prof.-dr.-Renata-Ri\u0111i\u010dki-M-ilinovi\u0107-Kurikul-otpornosti.pdf-Adobe-Acrobat-Reader-DC-9.2.2017.-191612-300x227.jpg\" width=\"269\" height=\"204\" srcset=\"https:\/\/www.st-pedagozi.net\/wp-content\/uploads\/2011\/03\/prof.-dr.-Renata-Ri\u0111i\u010dki-M-ilinovi\u0107-Kurikul-otpornosti.pdf-Adobe-Acrobat-Reader-DC-9.2.2017.-191612-300x227.jpg 300w, https:\/\/www.st-pedagozi.net\/wp-content\/uploads\/2011\/03\/prof.-dr.-Renata-Ri\u0111i\u010dki-M-ilinovi\u0107-Kurikul-otpornosti.pdf-Adobe-Acrobat-Reader-DC-9.2.2017.-191612-768x582.jpg 768w, https:\/\/www.st-pedagozi.net\/wp-content\/uploads\/2011\/03\/prof.-dr.-Renata-Ri\u0111i\u010dki-M-ilinovi\u0107-Kurikul-otpornosti.pdf-Adobe-Acrobat-Reader-DC-9.2.2017.-191612.jpg 986w\" sizes=\"(max-width: 269px) 100vw, 269px\" \/><\/a><p id=\"caption-attachment-4593\" class=\"wp-caption-text\"><strong><a href=\"http:\/\/www.st-pedagozi.net\/wp-content\/uploads\/2017\/02\/prof.-dr.-Renata-Ri\u0111i\u010dki-M-ilinovi\u0107-Kurikul-otpornosti.pdf\">Prezentacija<\/a><\/strong><\/p><\/div><\/td>\r\n<td>\r\n\r\n<div id=\"attachment_4597\" style=\"width: 273px\" class=\"wp-caption alignleft\"><a href=\"http:\/\/www.st-pedagozi.net\/wp-content\/uploads\/2011\/03\/The-Teenage-Brain-Mozak-i-pubertet.pdf-Mozilla-Firefox-9.2.2017.-192856.jpg\"><img loading=\"lazy\" decoding=\"async\" aria-describedby=\"caption-attachment-4597\" class=\"wp-image-4597\" src=\"http:\/\/www.st-pedagozi.net\/wp-content\/uploads\/2011\/03\/The-Teenage-Brain-Mozak-i-pubertet.pdf-Mozilla-Firefox-9.2.2017.-192856-300x225.jpg\" width=\"263\" height=\"197\" srcset=\"https:\/\/www.st-pedagozi.net\/wp-content\/uploads\/2011\/03\/The-Teenage-Brain-Mozak-i-pubertet.pdf-Mozilla-Firefox-9.2.2017.-192856-300x225.jpg 300w, https:\/\/www.st-pedagozi.net\/wp-content\/uploads\/2011\/03\/The-Teenage-Brain-Mozak-i-pubertet.pdf-Mozilla-Firefox-9.2.2017.-192856-768x577.jpg 768w, https:\/\/www.st-pedagozi.net\/wp-content\/uploads\/2011\/03\/The-Teenage-Brain-Mozak-i-pubertet.pdf-Mozilla-Firefox-9.2.2017.-192856.jpg 951w\" sizes=\"(max-width: 263px) 100vw, 263px\" \/><\/a><p id=\"caption-attachment-4597\" class=\"wp-caption-text\"><strong><a href=\"http:\/\/www.st-pedagozi.net\/wp-content\/uploads\/2014\/03\/Mozak-i-pubertet.pdf\">Prezentacija<\/a><\/strong><\/p><\/div><\/td>\r\n<td>\r\n\r\n<div id=\"attachment_4702\" style=\"width: 280px\" class=\"wp-caption alignleft\"><a href=\"http:\/\/www.st-pedagozi.net\/wp-content\/uploads\/2011\/03\/PowerPoint-Presentation-najc48dec5a1c487i-psihic48dki-poremec487aji.pdf-Mozilla-Firefox-7.3.2017.-181029.jpg\"><img loading=\"lazy\" decoding=\"async\" aria-describedby=\"caption-attachment-4702\" class=\"wp-image-4702\" src=\"http:\/\/www.st-pedagozi.net\/wp-content\/uploads\/2011\/03\/PowerPoint-Presentation-najc48dec5a1c487i-psihic48dki-poremec487aji.pdf-Mozilla-Firefox-7.3.2017.-181029-300x225.jpg\" width=\"270\" height=\"202\" srcset=\"https:\/\/www.st-pedagozi.net\/wp-content\/uploads\/2011\/03\/PowerPoint-Presentation-najc48dec5a1c487i-psihic48dki-poremec487aji.pdf-Mozilla-Firefox-7.3.2017.-181029-300x225.jpg 300w, https:\/\/www.st-pedagozi.net\/wp-content\/uploads\/2011\/03\/PowerPoint-Presentation-najc48dec5a1c487i-psihic48dki-poremec487aji.pdf-Mozilla-Firefox-7.3.2017.-181029-768x576.jpg 768w, https:\/\/www.st-pedagozi.net\/wp-content\/uploads\/2011\/03\/PowerPoint-Presentation-najc48dec5a1c487i-psihic48dki-poremec487aji.pdf-Mozilla-Firefox-7.3.2017.-181029.jpg 963w\" sizes=\"(max-width: 270px) 100vw, 270px\" \/><\/a><p id=\"caption-attachment-4702\" class=\"wp-caption-text\"><a href=\"http:\/\/www.st-pedagozi.net\/wp-content\/uploads\/2011\/03\/najc48dec5a1c487i-psihic48dki-poremec487aji.pdf\"><strong><span style=\"color: #993366;\">prezentacija<\/span><\/strong><\/a><\/p><\/div><\/td>\r\n<\/tr>\r\n<\/tbody>\r\n<\/table>\r\n&nbsp;\r\n<table style=\"height: 275px;\" width=\"937\" cellspacing=\"0\" cellpadding=\"1\">\r\n<tbody>\r\n<tr>\r\n<td>\r\n\r\n<div id=\"attachment_4616\" style=\"width: 278px\" class=\"wp-caption alignleft\"><a href=\"http:\/\/www.st-pedagozi.net\/wp-content\/uploads\/2011\/03\/PowerPointova-dijaprojekcija-MZ-23.5.2013.-str.-skup-25.2.2017.-164524.jpg\"><img loading=\"lazy\" decoding=\"async\" aria-describedby=\"caption-attachment-4616\" class=\"wp-image-4616\" src=\"http:\/\/www.st-pedagozi.net\/wp-content\/uploads\/2011\/03\/PowerPointova-dijaprojekcija-MZ-23.5.2013.-str.-skup-25.2.2017.-164524-300x225.jpg\" width=\"268\" height=\"201\" srcset=\"https:\/\/www.st-pedagozi.net\/wp-content\/uploads\/2011\/03\/PowerPointova-dijaprojekcija-MZ-23.5.2013.-str.-skup-25.2.2017.-164524-300x225.jpg 300w, https:\/\/www.st-pedagozi.net\/wp-content\/uploads\/2011\/03\/PowerPointova-dijaprojekcija-MZ-23.5.2013.-str.-skup-25.2.2017.-164524-768x576.jpg 768w, https:\/\/www.st-pedagozi.net\/wp-content\/uploads\/2011\/03\/PowerPointova-dijaprojekcija-MZ-23.5.2013.-str.-skup-25.2.2017.-164524.jpg 1024w\" sizes=\"(max-width: 268px) 100vw, 268px\" \/><\/a><p id=\"caption-attachment-4616\" class=\"wp-caption-text\"><span style=\"color: #ff6600;\"><strong><a style=\"color: #ff6600;\" href=\"http:\/\/www.st-pedagozi.net\/wp-content\/uploads\/2011\/03\/MZ-23.5.2013.-str.-skup.pptx\">prezentacija<\/a><\/strong><\/span><\/p><\/div><\/td>\r\n<td>\r\n\r\n<div id=\"attachment_4700\" style=\"width: 277px\" class=\"wp-caption alignleft\"><a href=\"http:\/\/www.st-pedagozi.net\/wp-content\/uploads\/2011\/03\/PowerPointova-dijaprojekcija-utjecaj-emocija-na-razvoj-depresije-Samo-za-\u010ditanje-Na\u010din-kompatibilnosti-4.1.2017.-183342.jpg\"><img loading=\"lazy\" decoding=\"async\" aria-describedby=\"caption-attachment-4700\" class=\"wp-image-4700\" src=\"http:\/\/www.st-pedagozi.net\/wp-content\/uploads\/2011\/03\/PowerPointova-dijaprojekcija-utjecaj-emocija-na-razvoj-depresije-Samo-za-\u010ditanje-Na\u010din-kompatibilnosti-4.1.2017.-183342-300x227.jpg\" width=\"267\" height=\"202\" srcset=\"https:\/\/www.st-pedagozi.net\/wp-content\/uploads\/2011\/03\/PowerPointova-dijaprojekcija-utjecaj-emocija-na-razvoj-depresije-Samo-za-\u010ditanje-Na\u010din-kompatibilnosti-4.1.2017.-183342-300x227.jpg 300w, https:\/\/www.st-pedagozi.net\/wp-content\/uploads\/2011\/03\/PowerPointova-dijaprojekcija-utjecaj-emocija-na-razvoj-depresije-Samo-za-\u010ditanje-Na\u010din-kompatibilnosti-4.1.2017.-183342-768x582.jpg 768w, https:\/\/www.st-pedagozi.net\/wp-content\/uploads\/2011\/03\/PowerPointova-dijaprojekcija-utjecaj-emocija-na-razvoj-depresije-Samo-za-\u010ditanje-Na\u010din-kompatibilnosti-4.1.2017.-183342.jpg 1024w\" sizes=\"(max-width: 267px) 100vw, 267px\" \/><\/a><p id=\"caption-attachment-4700\" class=\"wp-caption-text\"><a href=\"http:\/\/www.st-pedagozi.net\/wp-content\/uploads\/2013\/10\/utjecaj-emocija-na-razvoj-depresije.ppt\"><strong><span style=\"color: #333399;\">prezentacija<\/span><\/strong><\/a><\/p><\/div><\/td>\r\n<td>\r\n\r\n<div id=\"attachment_4699\" style=\"width: 278px\" class=\"wp-caption alignleft\"><a href=\"http:\/\/www.st-pedagozi.net\/wp-content\/uploads\/2011\/03\/PowerPointova-dijaprojekcija-Mentalno-zdravlje-djece-Samo-za-\u010ditanje-4.1.2017.-183442-001.jpg\"><img loading=\"lazy\" decoding=\"async\" aria-describedby=\"caption-attachment-4699\" class=\"wp-image-4699\" src=\"http:\/\/www.st-pedagozi.net\/wp-content\/uploads\/2011\/03\/PowerPointova-dijaprojekcija-Mentalno-zdravlje-djece-Samo-za-\u010ditanje-4.1.2017.-183442-001-300x225.jpg\" width=\"268\" height=\"201\" srcset=\"https:\/\/www.st-pedagozi.net\/wp-content\/uploads\/2011\/03\/PowerPointova-dijaprojekcija-Mentalno-zdravlje-djece-Samo-za-\u010ditanje-4.1.2017.-183442-001-300x225.jpg 300w, https:\/\/www.st-pedagozi.net\/wp-content\/uploads\/2011\/03\/PowerPointova-dijaprojekcija-Mentalno-zdravlje-djece-Samo-za-\u010ditanje-4.1.2017.-183442-001-768x577.jpg 768w, https:\/\/www.st-pedagozi.net\/wp-content\/uploads\/2011\/03\/PowerPointova-dijaprojekcija-Mentalno-zdravlje-djece-Samo-za-\u010ditanje-4.1.2017.-183442-001.jpg 1024w\" sizes=\"(max-width: 268px) 100vw, 268px\" \/><\/a><p id=\"caption-attachment-4699\" class=\"wp-caption-text\"><a href=\"http:\/\/www.st-pedagozi.net\/wp-content\/uploads\/2013\/10\/Mentalno-zdravlje-djece-.pptx\"><span style=\"color: #333399;\"><strong>prezentacija<\/strong><\/span><\/a><\/p><\/div><\/td>\r\n<\/tr>\r\n<\/tbody>\r\n<\/table>\r\n&nbsp;\r\n<table style=\"height: 294px;\" width=\"930\" cellspacing=\"0\" cellpadding=\"1\">\r\n<tbody>\r\n<tr>\r\n<td>\r\n\r\n<div id=\"attachment_5081\" style=\"width: 305px\" class=\"wp-caption alignleft\"><a href=\"http:\/\/www.st-pedagozi.net\/wp-content\/uploads\/2011\/03\/2019_Vrsnjacko_nasilje.pdf-Adobe-Acrobat-Reader-DC-7.3.2019.-101131.jpg\"><img loading=\"lazy\" decoding=\"async\" aria-describedby=\"caption-attachment-5081\" class=\"wp-image-5081\" src=\"http:\/\/www.st-pedagozi.net\/wp-content\/uploads\/2011\/03\/2019_Vrsnjacko_nasilje.pdf-Adobe-Acrobat-Reader-DC-7.3.2019.-101131-300x225.jpg\" alt=\"\" width=\"295\" height=\"221\" srcset=\"https:\/\/www.st-pedagozi.net\/wp-content\/uploads\/2011\/03\/2019_Vrsnjacko_nasilje.pdf-Adobe-Acrobat-Reader-DC-7.3.2019.-101131-300x225.jpg 300w, https:\/\/www.st-pedagozi.net\/wp-content\/uploads\/2011\/03\/2019_Vrsnjacko_nasilje.pdf-Adobe-Acrobat-Reader-DC-7.3.2019.-101131.jpg 640w\" sizes=\"(max-width: 295px) 100vw, 295px\" \/><\/a><p id=\"caption-attachment-5081\" class=\"wp-caption-text\"><span style=\"color: #993300;\"><strong><a style=\"color: #993300;\" href=\"http:\/\/www.st-pedagozi.net\/wp-content\/uploads\/2011\/03\/2019_Vrsnjacko_nasilje.pdf\">prezentacija<\/a><\/strong><\/span><\/p><\/div><\/td>\r\n<td>\r\n\r\n<div id=\"attachment_5850\" style=\"width: 269px\" class=\"wp-caption alignleft\"><a href=\"http:\/\/www.st-pedagozi.net\/wp-content\/uploads\/2021\/03\/Slide-1-UNICEF_DPP_seminar_Procjena-razvojnih-rizika_\u0161kole_2020-1.pdf-\u2014-Mozilla-Firefox-27.3.2021.-183804.jpg\"><img loading=\"lazy\" decoding=\"async\" aria-describedby=\"caption-attachment-5850\" class=\"wp-image-5850\" src=\"http:\/\/www.st-pedagozi.net\/wp-content\/uploads\/2021\/03\/Slide-1-UNICEF_DPP_seminar_Procjena-razvojnih-rizika_\u0161kole_2020-1.pdf-\u2014-Mozilla-Firefox-27.3.2021.-183804-300x228.jpg\" alt=\"\" width=\"259\" height=\"197\" srcset=\"https:\/\/www.st-pedagozi.net\/wp-content\/uploads\/2021\/03\/Slide-1-UNICEF_DPP_seminar_Procjena-razvojnih-rizika_\u0161kole_2020-1.pdf-\u2014-Mozilla-Firefox-27.3.2021.-183804-300x228.jpg 300w, https:\/\/www.st-pedagozi.net\/wp-content\/uploads\/2021\/03\/Slide-1-UNICEF_DPP_seminar_Procjena-razvojnih-rizika_\u0161kole_2020-1.pdf-\u2014-Mozilla-Firefox-27.3.2021.-183804-768x584.jpg 768w, https:\/\/www.st-pedagozi.net\/wp-content\/uploads\/2021\/03\/Slide-1-UNICEF_DPP_seminar_Procjena-razvojnih-rizika_\u0161kole_2020-1.pdf-\u2014-Mozilla-Firefox-27.3.2021.-183804.jpg 936w\" sizes=\"(max-width: 259px) 100vw, 259px\" \/><\/a><p id=\"caption-attachment-5850\" class=\"wp-caption-text\"><a href=\"http:\/\/www.st-pedagozi.net\/wp-content\/uploads\/2021\/03\/UNICEF_DPP_seminar_Procjena-razvojnih-rizika_\u0161kole_2020-1.pdf\"><strong><span style=\"color: #000080;\">prezentacija<\/span><\/strong><\/a><\/p><\/div>\r\n\r\n&nbsp;\r\n\r\n<a href=\"http:\/\/www.st-pedagozi.net\/wp-content\/uploads\/2021\/03\/Lista-za-procjenu-sigurnosti-djetata_rujan_2018_finalno.pdf\">Lista za procjenu sigurnosti djece<\/a><\/td>\r\n<td>\r\n\r\n<div id=\"attachment_5853\" style=\"width: 265px\" class=\"wp-caption alignleft\"><a href=\"http:\/\/www.st-pedagozi.net\/wp-content\/uploads\/2021\/03\/Slide-1-Uloga-stru\u010dnih-suradnika-u-procjeni-razvojnih-rizika-i-podr\u0161ci-u\u010denicima-tijekom-COVID-19-krize-i-nastave-na-daljinu.pdf-\u2014-Mozilla-Firefox-27.3.2021.-183830.jpg\"><img loading=\"lazy\" decoding=\"async\" aria-describedby=\"caption-attachment-5853\" class=\"wp-image-5853\" src=\"http:\/\/www.st-pedagozi.net\/wp-content\/uploads\/2021\/03\/Slide-1-Uloga-stru\u010dnih-suradnika-u-procjeni-razvojnih-rizika-i-podr\u0161ci-u\u010denicima-tijekom-COVID-19-krize-i-nastave-na-daljinu.pdf-\u2014-Mozilla-Firefox-27.3.2021.-183830-300x223.jpg\" alt=\"\" width=\"255\" height=\"191\" srcset=\"https:\/\/www.st-pedagozi.net\/wp-content\/uploads\/2021\/03\/Slide-1-Uloga-stru\u010dnih-suradnika-u-procjeni-razvojnih-rizika-i-podr\u0161ci-u\u010denicima-tijekom-COVID-19-krize-i-nastave-na-daljinu.pdf-\u2014-Mozilla-Firefox-27.3.2021.-183830-300x223.jpg 300w, https:\/\/www.st-pedagozi.net\/wp-content\/uploads\/2021\/03\/Slide-1-Uloga-stru\u010dnih-suradnika-u-procjeni-razvojnih-rizika-i-podr\u0161ci-u\u010denicima-tijekom-COVID-19-krize-i-nastave-na-daljinu.pdf-\u2014-Mozilla-Firefox-27.3.2021.-183830-768x571.jpg 768w\" sizes=\"(max-width: 255px) 100vw, 255px\" \/><\/a><p id=\"caption-attachment-5853\" class=\"wp-caption-text\"><a href=\"http:\/\/www.st-pedagozi.net\/wp-content\/uploads\/2021\/03\/Uloga-stru\u010dnih-suradnika-u-procjeni-razvojnih-rizika-i-podr\u0161ci-u\u010denicima-tijekom-COVID-19-krize-i-nastave-na-daljinu.pdf\"><span style=\"color: #000080;\"> <strong>prezentacija<\/strong><\/span><\/a><\/p><\/div>\r\n\r\n&nbsp;\r\n\r\n&nbsp;\r\n\r\n&nbsp;\r\n\r\n&nbsp;\r\n\r\n&nbsp;\r\n\r\n<a href=\"http:\/\/www.st-pedagozi.net\/wp-content\/uploads\/2021\/03\/Lista-razvojnih-rizika_rev_2018_finalno-1.pdf\">Lista razvojnih rizika<\/a><\/td>\r\n<\/tr>\r\n<\/tbody>\r\n<\/table>\r\n&nbsp;\r\n<table style=\"height: 240px;\" width=\"925\" cellspacing=\"0\" cellpadding=\"1\">\r\n<tbody>\r\n<tr>\r\n<td>\r\n\r\n<div id=\"attachment_6343\" style=\"width: 288px\" class=\"wp-caption alignleft\"><img loading=\"lazy\" decoding=\"async\" aria-describedby=\"caption-attachment-6343\" class=\"wp-image-6343 \" src=\"http:\/\/www.st-pedagozi.net\/wp-content\/uploads\/2023\/03\/Snimka-cijelog-zaslona-28.3.2023.-184311-300x163.jpg\" alt=\"\" width=\"278\" height=\"151\" srcset=\"https:\/\/www.st-pedagozi.net\/wp-content\/uploads\/2023\/03\/Snimka-cijelog-zaslona-28.3.2023.-184311-300x163.jpg 300w, https:\/\/www.st-pedagozi.net\/wp-content\/uploads\/2023\/03\/Snimka-cijelog-zaslona-28.3.2023.-184311-768x418.jpg 768w, https:\/\/www.st-pedagozi.net\/wp-content\/uploads\/2023\/03\/Snimka-cijelog-zaslona-28.3.2023.-184311.jpg 777w\" sizes=\"(max-width: 278px) 100vw, 278px\" \/><p id=\"caption-attachment-6343\" class=\"wp-caption-text\"><a href=\"http:\/\/www.st-pedagozi.net\/wp-content\/uploads\/2023\/03\/MZV-pedagoga-2023.-Prevencija-seksualnog-zlostavljanja.pptx\"><span style=\"color: #800000;\"><strong>prezentacija<\/strong><\/span><\/a><\/p><\/div><\/td>\r\n<td>\r\n\r\n<div id=\"attachment_6396\" style=\"width: 270px\" class=\"wp-caption alignleft\"><a href=\"http:\/\/www.st-pedagozi.net\/wp-content\/uploads\/2023\/04\/Snimka-cijelog-zaslona-7.4.2023.-102413.jpg\"><img loading=\"lazy\" decoding=\"async\" aria-describedby=\"caption-attachment-6396\" class=\"wp-image-6396 \" src=\"http:\/\/www.st-pedagozi.net\/wp-content\/uploads\/2023\/04\/Snimka-cijelog-zaslona-7.4.2023.-102413-300x218.jpg\" alt=\"\" width=\"260\" height=\"189\" srcset=\"https:\/\/www.st-pedagozi.net\/wp-content\/uploads\/2023\/04\/Snimka-cijelog-zaslona-7.4.2023.-102413-300x218.jpg 300w, https:\/\/www.st-pedagozi.net\/wp-content\/uploads\/2023\/04\/Snimka-cijelog-zaslona-7.4.2023.-102413-768x559.jpg 768w, https:\/\/www.st-pedagozi.net\/wp-content\/uploads\/2023\/04\/Snimka-cijelog-zaslona-7.4.2023.-102413.jpg 770w\" sizes=\"(max-width: 260px) 100vw, 260px\" \/><\/a><p id=\"caption-attachment-6396\" class=\"wp-caption-text\"><a href=\"http:\/\/www.st-pedagozi.net\/wp-content\/uploads\/2016\/11\/Emocije-u-nastavi-Primosten-10-12.10.2016.1.pdf\"><span style=\"color: #800080;\"><strong>prezentacija<\/strong><\/span><\/a><\/p><\/div><\/td>\r\n<td>\r\n\r\n<div id=\"attachment_6404\" style=\"width: 273px\" class=\"wp-caption alignleft\"><a href=\"http:\/\/www.st-pedagozi.net\/wp-content\/uploads\/2023\/04\/Snimka-cijelog-zaslona-7.4.2023.-105600.jpg\"><img loading=\"lazy\" decoding=\"async\" aria-describedby=\"caption-attachment-6404\" class=\"wp-image-6404\" src=\"http:\/\/www.st-pedagozi.net\/wp-content\/uploads\/2023\/04\/Snimka-cijelog-zaslona-7.4.2023.-105600-300x223.jpg\" alt=\"\" width=\"263\" height=\"197\" \/><\/a><p id=\"caption-attachment-6404\" class=\"wp-caption-text\"><a href=\"http:\/\/www.st-pedagozi.net\/wp-content\/uploads\/2023\/04\/Mare-i-Vedre-SPP-1.pdf\"><span style=\"color: #0000ff;\"><strong>prezentacija<\/strong><\/span><\/a><\/p><\/div><\/td>\r\n<\/tr>\r\n<\/tbody>\r\n<\/table>\r\n&nbsp;\r\n<table style=\"height: 263px;\" width=\"941\" cellspacing=\"0\" cellpadding=\"1\">\r\n<tbody>\r\n<tr>\r\n<td>\r\n\r\n<div id=\"attachment_6409\" style=\"width: 280px\" class=\"wp-caption alignleft\"><a href=\"http:\/\/www.st-pedagozi.net\/wp-content\/uploads\/2023\/04\/Snimka-cijelog-zaslona-7.4.2023.-110842.jpg\"><img loading=\"lazy\" decoding=\"async\" aria-describedby=\"caption-attachment-6409\" class=\"wp-image-6409\" src=\"http:\/\/www.st-pedagozi.net\/wp-content\/uploads\/2023\/04\/Snimka-cijelog-zaslona-7.4.2023.-110842-300x206.jpg\" alt=\"\" width=\"270\" height=\"185\" srcset=\"https:\/\/www.st-pedagozi.net\/wp-content\/uploads\/2023\/04\/Snimka-cijelog-zaslona-7.4.2023.-110842-300x206.jpg 300w, https:\/\/www.st-pedagozi.net\/wp-content\/uploads\/2023\/04\/Snimka-cijelog-zaslona-7.4.2023.-110842-768x528.jpg 768w, https:\/\/www.st-pedagozi.net\/wp-content\/uploads\/2023\/04\/Snimka-cijelog-zaslona-7.4.2023.-110842.jpg 791w\" sizes=\"(max-width: 270px) 100vw, 270px\" \/><\/a><p id=\"caption-attachment-6409\" class=\"wp-caption-text\"><a href=\"http:\/\/www.st-pedagozi.net\/wp-content\/uploads\/2013\/05\/JVD_Digitalni_kontekst_odrastanja.pdf\"><strong>prezentacija<\/strong><\/a><\/p><\/div><\/td>\r\n<td>\r\n\r\n<div id=\"attachment_6410\" style=\"width: 273px\" class=\"wp-caption alignleft\"><a href=\"http:\/\/www.st-pedagozi.net\/wp-content\/uploads\/2023\/04\/Snimka-cijelog-zaslona-7.4.2023.-111638.jpg\"><img loading=\"lazy\" decoding=\"async\" aria-describedby=\"caption-attachment-6410\" class=\"wp-image-6410 \" src=\"http:\/\/www.st-pedagozi.net\/wp-content\/uploads\/2023\/04\/Snimka-cijelog-zaslona-7.4.2023.-111638-300x221.jpg\" alt=\"\" width=\"263\" height=\"194\" srcset=\"https:\/\/www.st-pedagozi.net\/wp-content\/uploads\/2023\/04\/Snimka-cijelog-zaslona-7.4.2023.-111638-300x221.jpg 300w, https:\/\/www.st-pedagozi.net\/wp-content\/uploads\/2023\/04\/Snimka-cijelog-zaslona-7.4.2023.-111638-768x565.jpg 768w, https:\/\/www.st-pedagozi.net\/wp-content\/uploads\/2023\/04\/Snimka-cijelog-zaslona-7.4.2023.-111638.jpg 897w\" sizes=\"(max-width: 263px) 100vw, 263px\" \/><\/a><p id=\"caption-attachment-6410\" class=\"wp-caption-text\"><a href=\"http:\/\/www.st-pedagozi.net\/wp-content\/uploads\/2013\/05\/Vodice_Kranzelic_14052013.pdf\"><span style=\"color: #ff9900;\"><strong>prezentacija<\/strong><\/span><\/a><\/p><\/div><\/td>\r\n<td>\r\n\r\n<div id=\"attachment_6423\" style=\"width: 285px\" class=\"wp-caption alignleft\"><a href=\"http:\/\/www.st-pedagozi.net\/wp-content\/uploads\/2023\/04\/Snimka-cijelog-zaslona-7.4.2023.-114654.jpg\"><img loading=\"lazy\" decoding=\"async\" aria-describedby=\"caption-attachment-6423\" class=\"wp-image-6423\" src=\"http:\/\/www.st-pedagozi.net\/wp-content\/uploads\/2023\/04\/Snimka-cijelog-zaslona-7.4.2023.-114654-300x223.jpg\" alt=\"\" width=\"275\" height=\"206\" \/><\/a><p id=\"caption-attachment-6423\" class=\"wp-caption-text\"><a href=\"http:\/\/www.st-pedagozi.net\/wp-content\/uploads\/2011\/03\/uloga-ss-i-uc48d-u-prepoznavanju.pdf\"><span style=\"color: #800000;\"><strong>prezentacija<\/strong><\/span><\/a><\/p><\/div><\/td>\r\n<\/tr>\r\n<\/tbody>\r\n<\/table>\r\n&nbsp;\r\n<table style=\"height: 288px;\" width=\"313\" cellspacing=\"0\" cellpadding=\"1\">\r\n<tbody>\r\n<tr>\r\n<td>\r\n\r\n<div id=\"attachment_4621\" style=\"width: 282px\" class=\"wp-caption alignleft\"><a href=\"http:\/\/www.st-pedagozi.net\/wp-content\/uploads\/2011\/03\/Kockanje-mladih_-Toni-Split.pdf-Adobe-Acrobat-Reader-DC-25.2.2017.-211034.jpg\"><img loading=\"lazy\" decoding=\"async\" aria-describedby=\"caption-attachment-4621\" class=\"wp-image-4621\" src=\"http:\/\/www.st-pedagozi.net\/wp-content\/uploads\/2011\/03\/Kockanje-mladih_-Toni-Split.pdf-Adobe-Acrobat-Reader-DC-25.2.2017.-211034-300x226.jpg\" width=\"272\" height=\"205\" srcset=\"https:\/\/www.st-pedagozi.net\/wp-content\/uploads\/2011\/03\/Kockanje-mladih_-Toni-Split.pdf-Adobe-Acrobat-Reader-DC-25.2.2017.-211034-300x226.jpg 300w, https:\/\/www.st-pedagozi.net\/wp-content\/uploads\/2011\/03\/Kockanje-mladih_-Toni-Split.pdf-Adobe-Acrobat-Reader-DC-25.2.2017.-211034-768x579.jpg 768w, https:\/\/www.st-pedagozi.net\/wp-content\/uploads\/2011\/03\/Kockanje-mladih_-Toni-Split.pdf-Adobe-Acrobat-Reader-DC-25.2.2017.-211034.jpg 998w\" sizes=\"(max-width: 272px) 100vw, 272px\" \/><\/a><p id=\"caption-attachment-4621\" class=\"wp-caption-text\"><span style=\"color: #ff0000;\"><strong><a style=\"color: #ff0000;\" href=\"http:\/\/www.st-pedagozi.net\/wp-content\/uploads\/2011\/03\/Kockanje-mladih_-Toni-Split.pdf\">Prezentacija<\/a><\/strong><\/span><\/p><\/div><\/td>\r\n<td>\r\n\r\n<div id=\"attachment_4624\" style=\"width: 242px\" class=\"wp-caption alignleft\"><a href=\"http:\/\/www.st-pedagozi.net\/wp-content\/uploads\/2011\/03\/ALKOHOL-I-MLADI-2013-knjiga-HRV-pregled.pdf-Adobe-Acrobat-Reader-DC-25.2.2017.-211919.jpg\"><img loading=\"lazy\" decoding=\"async\" aria-describedby=\"caption-attachment-4624\" class=\"wp-image-4624\" src=\"http:\/\/www.st-pedagozi.net\/wp-content\/uploads\/2011\/03\/ALKOHOL-I-MLADI-2013-knjiga-HRV-pregled.pdf-Adobe-Acrobat-Reader-DC-25.2.2017.-211919-300x295.jpg\" width=\"232\" height=\"228\" srcset=\"https:\/\/www.st-pedagozi.net\/wp-content\/uploads\/2011\/03\/ALKOHOL-I-MLADI-2013-knjiga-HRV-pregled.pdf-Adobe-Acrobat-Reader-DC-25.2.2017.-211919-300x295.jpg 300w, https:\/\/www.st-pedagozi.net\/wp-content\/uploads\/2011\/03\/ALKOHOL-I-MLADI-2013-knjiga-HRV-pregled.pdf-Adobe-Acrobat-Reader-DC-25.2.2017.-211919.jpg 732w\" sizes=\"(max-width: 232px) 100vw, 232px\" \/><\/a><p id=\"caption-attachment-4624\" class=\"wp-caption-text\"><span style=\"color: #800080;\"><strong><a style=\"color: #800080;\" href=\"http:\/\/www.st-pedagozi.net\/wp-content\/uploads\/2011\/03\/ALKOHOL-I-MLADI-2013-knjiga-HRV-pregled.pdf\">Bro\u0161ura<\/a><\/strong><\/span><\/p><\/div><\/td>\r\n<td>\r\n\r\n<div id=\"attachment_4612\" style=\"width: 280px\" class=\"wp-caption alignleft\"><a href=\"http:\/\/www.st-pedagozi.net\/wp-content\/uploads\/2015\/11\/Alkohol.jpg\"><img loading=\"lazy\" decoding=\"async\" aria-describedby=\"caption-attachment-4612\" class=\"wp-image-4612\" src=\"http:\/\/www.st-pedagozi.net\/wp-content\/uploads\/2015\/11\/Alkohol.jpg\" width=\"270\" height=\"203\" srcset=\"https:\/\/www.st-pedagozi.net\/wp-content\/uploads\/2015\/11\/Alkohol.jpg 1193w, https:\/\/www.st-pedagozi.net\/wp-content\/uploads\/2015\/11\/Alkohol-300x225.jpg 300w, https:\/\/www.st-pedagozi.net\/wp-content\/uploads\/2015\/11\/Alkohol-768x576.jpg 768w, https:\/\/www.st-pedagozi.net\/wp-content\/uploads\/2015\/11\/Alkohol-1024x768.jpg 1024w\" sizes=\"(max-width: 270px) 100vw, 270px\" \/><\/a><p id=\"caption-attachment-4612\" class=\"wp-caption-text\"><a href=\"http:\/\/www.st-pedagozi.net\/wp-content\/uploads\/2015\/11\/PP-alkohol.pptx\"><strong>prezentacija<\/strong><\/a><\/p><\/div><\/td>\r\n<\/tr>\r\n<\/tbody>\r\n<\/table>\r\n<h6><\/h6>\r\n<table style=\"height: 265px;\" width=\"920\" cellspacing=\"0\" cellpadding=\"1\">\r\n<tbody>\r\n<tr>\r\n<td>\r\n\r\n<div id=\"attachment_6710\" style=\"width: 272px\" class=\"wp-caption alignleft\"><a href=\"http:\/\/www.st-pedagozi.net\/wp-content\/uploads\/2024\/05\/Snimka-cijelog-zaslona-8.5.2024.-81522.jpg\"><img loading=\"lazy\" decoding=\"async\" aria-describedby=\"caption-attachment-6710\" class=\"wp-image-6710 \" src=\"http:\/\/www.st-pedagozi.net\/wp-content\/uploads\/2024\/05\/Snimka-cijelog-zaslona-8.5.2024.-81522-300x222.jpg\" alt=\"\" width=\"262\" height=\"194\" srcset=\"https:\/\/www.st-pedagozi.net\/wp-content\/uploads\/2024\/05\/Snimka-cijelog-zaslona-8.5.2024.-81522-300x222.jpg 300w, https:\/\/www.st-pedagozi.net\/wp-content\/uploads\/2024\/05\/Snimka-cijelog-zaslona-8.5.2024.-81522.jpg 384w\" sizes=\"(max-width: 262px) 100vw, 262px\" \/><\/a><p id=\"caption-attachment-6710\" class=\"wp-caption-text\"><a href=\"http:\/\/www.st-pedagozi.net\/wp-content\/uploads\/2024\/05\/Promjene-u-ponasanju-mladih-AZOO.pdf\"><span style=\"color: #0000ff;\"><strong>prezentacija<\/strong><\/span><\/a><\/p><\/div><\/td>\r\n<td>\r\n\r\n<div id=\"attachment_6708\" style=\"width: 281px\" class=\"wp-caption alignleft\"><a href=\"http:\/\/www.st-pedagozi.net\/wp-content\/uploads\/2024\/05\/Snimka-cijelog-zaslona-8.5.2024.-81617.jpg\"><img loading=\"lazy\" decoding=\"async\" aria-describedby=\"caption-attachment-6708\" class=\"wp-image-6708\" src=\"http:\/\/www.st-pedagozi.net\/wp-content\/uploads\/2024\/05\/Snimka-cijelog-zaslona-8.5.2024.-81617-300x184.jpg\" alt=\"\" width=\"271\" height=\"169\" \/><\/a><p id=\"caption-attachment-6708\" class=\"wp-caption-text\"><a href=\"http:\/\/www.st-pedagozi.net\/wp-content\/uploads\/2024\/05\/Ucinkovita-prevencija-problema-u-ponasanju.pdf\"><span style=\"color: #000080;\"><strong>prezentacija<\/strong><\/span><\/a><\/p><\/div><\/td>\r\n<td>\r\n\r\n<div id=\"attachment_6709\" style=\"width: 271px\" class=\"wp-caption alignleft\"><a href=\"http:\/\/www.st-pedagozi.net\/wp-content\/uploads\/2024\/05\/Snimka-cijelog-zaslona-8.5.2024.-81708.jpg\"><img loading=\"lazy\" decoding=\"async\" aria-describedby=\"caption-attachment-6709\" class=\"wp-image-6709\" src=\"http:\/\/www.st-pedagozi.net\/wp-content\/uploads\/2024\/05\/Snimka-cijelog-zaslona-8.5.2024.-81708-300x184.jpg\" alt=\"\" width=\"261\" height=\"163\" \/><\/a><p id=\"caption-attachment-6709\" class=\"wp-caption-text\"><a href=\"http:\/\/www.st-pedagozi.net\/wp-content\/uploads\/2024\/05\/Partnerstvo-obitelji-i-skole-AZOO.pdf\"><strong>prezentacija<\/strong><\/a><\/p><\/div><\/td>\r\n<\/tr>\r\n<\/tbody>\r\n<\/table>\r\n<h6><\/h6>\r\n<h6><span style=\"color: #993366;\">PODRU\u010cJE: unapre\u0111ivanje rada stru\u010dnog suradnika pedagoga (suradnja AZOO-e i FF-odsjek Pedagogije)\r\n<\/span><\/h6>\r\n<table style=\"height: 277px;\" width=\"896\" cellspacing=\"0\" cellpadding=\"1\">\r\n<tbody>\r\n<tr>\r\n<td style=\"text-align: center;\">\r\n<h5><\/h5>\r\n<h5 style=\"text-align: center;\"><span style=\"color: #ff6600;\"><a style=\"color: #ff6600;\" href=\"http:\/\/www.st-pedagozi.net\/wp-content\/uploads\/2011\/03\/Unapre\u0111ivanje-rada-stru\u010dnih-suradnika-pedagoga-novo.pptx\"><strong>STRU\u010cNO USAVR\u0160AVANJE <\/strong><\/a><\/span><\/h5>\r\n<h5><strong><span style=\"color: #ff6600;\">I PROFESIONALNI RAZVOJ PEDAGOGA<\/span>\r\n<\/strong><\/h5>\r\n<p style=\"text-align: center;\"><strong>\u0110ur\u0111ica Kaurloto Martini\u0107<\/strong>,prof.<\/p>\r\n<p style=\"text-align: center;\">AZOO<\/p>\r\n<\/td>\r\n<td>&nbsp;\r\n<h5 style=\"text-align: center;\"><a href=\"http:\/\/www.st-pedagozi.net\/wp-content\/uploads\/2011\/03\/PREZENTACIJA-SPLIT-23-2-2017.pdf\"><strong><span style=\"color: #008000;\">TELEOLO\u0160KI PROBLEMI <\/span><\/strong><\/a><\/h5>\r\n<h5 style=\"text-align: center;\"><a href=\"http:\/\/www.st-pedagozi.net\/wp-content\/uploads\/2011\/03\/PREZENTACIJA-SPLIT-23-2-2017.pdf\"><strong><span style=\"color: #008000;\">PEDAGOGIJE<\/span><\/strong><\/a><\/h5>\r\n<p style=\"text-align: center;\">prof.emeritus dr.sc. <strong>Josip Milat<\/strong><\/p>\r\n<p style=\"text-align: center;\">\u00a0\u00a0\u00a0 FF Sveu\u010dili\u0161ta u Splitu<\/p>\r\n<\/td>\r\n<td>&nbsp;\r\n<h5 style=\"text-align: center;\"><span style=\"color: #ff9900;\"><a style=\"color: #ff9900;\" href=\"http:\/\/www.st-pedagozi.net\/wp-content\/uploads\/2011\/03\/TJukic_Akcijska-istrazivanja-u-praksi-pedagoga_23.2.pdf\"><strong>AKCIJSKA ISTRA\u017dIVANJA <\/strong><\/a><\/span><\/h5>\r\n<h5 style=\"text-align: center;\"><span style=\"color: #ff9900;\"><strong>U PRAKSI PEDAGOGA<\/strong><\/span><\/h5>\r\n<p style=\"text-align: center;\">doc.dr.sc. <strong>Ton\u0107a Juki\u0107<\/strong><\/p>\r\n<p style=\"text-align: center;\">FF Sveu\u010dili\u0161ta u Splitu<\/p>\r\n<\/td>\r\n<td style=\"text-align: center;\">&nbsp;\r\n<h5><span style=\"color: #000080;\"><a style=\"color: #000080;\" href=\"http:\/\/www.st-pedagozi.net\/wp-content\/uploads\/2011\/03\/Hren_Komunikacija_ped.pdf\"><strong>DJELOTVORNA KOMUNIKACIJA <\/strong><\/a><\/span><\/h5>\r\n<h5><span style=\"color: #000080;\"><strong>PEDAGOGA<\/strong><\/span><\/h5>\r\n<p style=\"text-align: center;\">doc.dr.sc.<strong>Darko Hren<\/strong><\/p>\r\n<p style=\"text-align: center;\">FF Sveu\u010dili\u0161ta u Splitu<\/p>\r\n<\/td>\r\n<td style=\"text-align: center;\">&nbsp;\r\n<h5><span style=\"color: #339966;\"><a style=\"color: #339966;\" href=\"http:\/\/www.st-pedagozi.net\/wp-content\/uploads\/2011\/03\/azoo_kriticko.pptx\"><strong>KRITI\u010cKO KORI\u0160TENJE <\/strong><\/a><\/span><\/h5>\r\n<h5><strong><span style=\"color: #339966;\">DIGITALNIH\u00a0\u00a0\u00a0\u00a0\u00a0\u00a0 MEDIJA<\/span><\/strong><\/h5>\r\n<p style=\"text-align: center;\">izv.prof.dr.sc.<strong>Ivana Batarelo Koki\u0107<\/strong><\/p>\r\n<p style=\"text-align: center;\">FF Sveu\u010dili\u0161ta u Splitu<\/p>\r\n<\/td>\r\n<\/tr>\r\n<\/tbody>\r\n<\/table>\r\n&nbsp;\r\n<h6><span style=\"color: #993366;\">PODRU\u010cJE: daroviti\r\n<\/span><\/h6>\r\n<table style=\"height: 196px;\" width=\"861\" cellspacing=\"0\" cellpadding=\"1\">\r\n<tbody>\r\n<tr>\r\n<td>\r\n\r\n<div id=\"attachment_6271\" style=\"width: 178px\" class=\"wp-caption alignleft\"><a href=\"http:\/\/www.st-pedagozi.net\/wp-content\/uploads\/2023\/02\/Snimka-cijelog-zaslona-5.2.2023.-154436.jpg\"><img loading=\"lazy\" decoding=\"async\" aria-describedby=\"caption-attachment-6271\" class=\"wp-image-6271\" src=\"http:\/\/www.st-pedagozi.net\/wp-content\/uploads\/2023\/02\/Snimka-cijelog-zaslona-5.2.2023.-154436-300x227.jpg\" alt=\"\" width=\"168\" height=\"127\" srcset=\"https:\/\/www.st-pedagozi.net\/wp-content\/uploads\/2023\/02\/Snimka-cijelog-zaslona-5.2.2023.-154436-300x227.jpg 300w, https:\/\/www.st-pedagozi.net\/wp-content\/uploads\/2023\/02\/Snimka-cijelog-zaslona-5.2.2023.-154436.jpg 600w\" sizes=\"(max-width: 168px) 100vw, 168px\" \/><\/a><p id=\"caption-attachment-6271\" class=\"wp-caption-text\"><span style=\"color: #ff0000;\"><strong><a style=\"color: #ff0000;\" href=\"http:\/\/www.st-pedagozi.net\/wp-content\/uploads\/2023\/01\/Daroviti-2022.pdf\">prezentacija<\/a><\/strong><\/span><\/p><\/div><\/td>\r\n<td>\r\n\r\n<div id=\"attachment_6268\" style=\"width: 192px\" class=\"wp-caption alignleft\"><a href=\"http:\/\/www.st-pedagozi.net\/wp-content\/uploads\/2023\/02\/Snimka-cijelog-zaslona-5.2.2023.-154540.jpg\"><img loading=\"lazy\" decoding=\"async\" aria-describedby=\"caption-attachment-6268\" class=\"wp-image-6268\" src=\"http:\/\/www.st-pedagozi.net\/wp-content\/uploads\/2023\/02\/Snimka-cijelog-zaslona-5.2.2023.-154540-300x188.jpg\" alt=\"\" width=\"182\" height=\"114\" srcset=\"https:\/\/www.st-pedagozi.net\/wp-content\/uploads\/2023\/02\/Snimka-cijelog-zaslona-5.2.2023.-154540-300x188.jpg 300w, https:\/\/www.st-pedagozi.net\/wp-content\/uploads\/2023\/02\/Snimka-cijelog-zaslona-5.2.2023.-154540.jpg 619w\" sizes=\"(max-width: 182px) 100vw, 182px\" \/><\/a><p id=\"caption-attachment-6268\" class=\"wp-caption-text\"><span style=\"color: #0000ff;\"><strong><a style=\"color: #0000ff;\" href=\"http:\/\/www.st-pedagozi.net\/wp-content\/uploads\/2023\/01\/Darovitost-u-inkluzivnom-obrazovanju_Matilda-Karamatic-Brcic.pdf\">prezentacija<\/a><\/strong><\/span><\/p><\/div><\/td>\r\n<td>\r\n\r\n<div id=\"attachment_6269\" style=\"width: 178px\" class=\"wp-caption alignleft\"><a href=\"http:\/\/www.st-pedagozi.net\/wp-content\/uploads\/2023\/02\/Snimka-cijelog-zaslona-5.2.2023.-154637.jpg\"><img loading=\"lazy\" decoding=\"async\" aria-describedby=\"caption-attachment-6269\" class=\"wp-image-6269\" src=\"http:\/\/www.st-pedagozi.net\/wp-content\/uploads\/2023\/02\/Snimka-cijelog-zaslona-5.2.2023.-154637-300x225.jpg\" alt=\"\" width=\"168\" height=\"126\" srcset=\"https:\/\/www.st-pedagozi.net\/wp-content\/uploads\/2023\/02\/Snimka-cijelog-zaslona-5.2.2023.-154637-300x225.jpg 300w, https:\/\/www.st-pedagozi.net\/wp-content\/uploads\/2023\/02\/Snimka-cijelog-zaslona-5.2.2023.-154637.jpg 561w\" sizes=\"(max-width: 168px) 100vw, 168px\" \/><\/a><p id=\"caption-attachment-6269\" class=\"wp-caption-text\"><span style=\"color: #008000;\"><strong><a style=\"color: #008000;\" href=\"http:\/\/www.st-pedagozi.net\/wp-content\/uploads\/2023\/01\/SUVREMENE-PERSPEKTIVE-UCENJA-I-POUCAVANJA-002.ppt\">prezentacija<\/a><\/strong><\/span><\/p><\/div><\/td>\r\n<td>\r\n\r\n<div id=\"attachment_6270\" style=\"width: 198px\" class=\"wp-caption alignleft\"><a href=\"http:\/\/www.st-pedagozi.net\/wp-content\/uploads\/2023\/02\/Snimka-cijelog-zaslona-5.2.2023.-154724.jpg\"><img loading=\"lazy\" decoding=\"async\" aria-describedby=\"caption-attachment-6270\" class=\"wp-image-6270\" src=\"http:\/\/www.st-pedagozi.net\/wp-content\/uploads\/2023\/02\/Snimka-cijelog-zaslona-5.2.2023.-154724-300x192.jpg\" alt=\"\" width=\"188\" height=\"120\" srcset=\"https:\/\/www.st-pedagozi.net\/wp-content\/uploads\/2023\/02\/Snimka-cijelog-zaslona-5.2.2023.-154724-300x192.jpg 300w, https:\/\/www.st-pedagozi.net\/wp-content\/uploads\/2023\/02\/Snimka-cijelog-zaslona-5.2.2023.-154724-768x490.jpg 768w, https:\/\/www.st-pedagozi.net\/wp-content\/uploads\/2023\/02\/Snimka-cijelog-zaslona-5.2.2023.-154724.jpg 797w\" sizes=\"(max-width: 188px) 100vw, 188px\" \/><\/a><p id=\"caption-attachment-6270\" class=\"wp-caption-text\"><a href=\"http:\/\/www.st-pedagozi.net\/wp-content\/uploads\/2023\/01\/ZVJEZDANA-ATLAGA-I-SANJA-MATIC-prikaz-prakse-Rad-skolskog-Tima-za-darovite-pomaci-u-radu-i-poteskoce-7.10.2022.-Drzavni-skup-pedagoga.pdf\"><strong>prezentacija<\/strong><\/a><\/p><\/div><\/td>\r\n<\/tr>\r\n<\/tbody>\r\n<\/table>","protected":false},"excerpt":{"rendered":"<p>PODRU\u010cJE: u\u010denje, pou\u010davanje, mentalno zdravlje &nbsp; &nbsp; &nbsp; &nbsp; &nbsp; Lista za procjenu sigurnosti djece &nbsp; &nbsp; &nbsp; &nbsp; &nbsp; Lista razvojnih rizika &nbsp; &nbsp; &nbsp; PODRU\u010cJE: unapre\u0111ivanje rada stru\u010dnog suradnika pedagoga (suradnja AZOO-e i FF-odsjek Pedagogije) STRU\u010cNO USAVR\u0160AVANJE I &hellip;<\/p>\n<p class=\"read-more\"><a href=\"https:\/\/www.st-pedagozi.net\/?page_id=389\">Read more &raquo;<\/a><\/p>\n","protected":false},"author":2,"featured_media":0,"parent":260,"menu_order":0,"comment_status":"open","ping_status":"closed","template":"page-without-sidebar.php","meta":{"footnotes":""},"_links":{"self":[{"href":"https:\/\/www.st-pedagozi.net\/index.php?rest_route=\/wp\/v2\/pages\/389"}],"collection":[{"href":"https:\/\/www.st-pedagozi.net\/index.php?rest_route=\/wp\/v2\/pages"}],"about":[{"href":"https:\/\/www.st-pedagozi.net\/index.php?rest_route=\/wp\/v2\/types\/page"}],"author":[{"embeddable":true,"href":"https:\/\/www.st-pedagozi.net\/index.php?rest_route=\/wp\/v2\/users\/2"}],"replies":[{"embeddable":true,"href":"https:\/\/www.st-pedagozi.net\/index.php?rest_route=%2Fwp%2Fv2%2Fcomments&post=389"}],"version-history":[{"count":53,"href":"https:\/\/www.st-pedagozi.net\/index.php?rest_route=\/wp\/v2\/pages\/389\/revisions"}],"predecessor-version":[{"id":6738,"href":"https:\/\/www.st-pedagozi.net\/index.php?rest_route=\/wp\/v2\/pages\/389\/revisions\/6738"}],"up":[{"embeddable":true,"href":"https:\/\/www.st-pedagozi.net\/index.php?rest_route=\/wp\/v2\/pages\/260"}],"wp:attachment":[{"href":"https:\/\/www.st-pedagozi.net\/index.php?rest_route=%2Fwp%2Fv2%2Fmedia&parent=389"}],"curies":[{"name":"wp","href":"https:\/\/api.w.org\/{rel}","templated":true}]}}